{"id":264,"date":"2021-08-22T23:27:20","date_gmt":"2021-08-22T23:27:20","guid":{"rendered":"https:\/\/musicoterapiaesencial.com\/?page_id=264"},"modified":"2021-10-15T19:16:32","modified_gmt":"2021-10-15T19:16:32","slug":"enhorabuena-por-invertir-en-ti","status":"publish","type":"page","link":"https:\/\/musicoterapiaesencial.com\/index.php\/enhorabuena-por-invertir-en-ti\/","title":{"rendered":"\u00a1Enhorabuena por invertir en t\u00ed!"},"content":{"rendered":"[et_pb_section fb_built=\u00bb1&#8243; admin_label=\u00bbsection\u00bb _builder_version=\u00bb3.22&#8243; global_colors_info=\u00bb{}\u00bb][et_pb_row _builder_version=\u00bb4.11.2&#8243; _module_preset=\u00bbdefault\u00bb][et_pb_column _builder_version=\u00bb4.11.2&#8243; _module_preset=\u00bbdefault\u00bb type=\u00bb4_4&#8243;][et_pb_text _builder_version=\u00bb4.11.2&#8243; _module_preset=\u00bbdefault\u00bb hover_enabled=\u00bb0&#8243; sticky_enabled=\u00bb0&#8243; text_font=\u00bbAntic|700||on|||||\u00bb text_font_size=\u00bb26px\u00bb]<p class=\"has-medium-font-size\" style=\"text-align: center;\"><span style=\"font-size: xx-large;\"><strong>\u00a1\u00a1ENHORABUENA POR INVERTIR EN T\u00cd!!<\/strong><\/span><\/p>\n<p class=\"has-medium-font-size\" style=\"text-align: center;\"><span style=\"font-size: xx-large;\"><strong><\/strong><\/span><\/p>[\/et_pb_text][et_pb_text _builder_version=\u00bb4.11.2&#8243; _module_preset=\u00bbdefault\u00bb hover_enabled=\u00bb0&#8243; sticky_enabled=\u00bb0&#8243;]<p class=\"has-medium-font-size\"><strong>Si has llegado aqu\u00ed es que quieres INSPIRACI\u00d3N Y FRESCURA<\/strong><\/p>\n<p class=\"has-medium-font-size\">Para realizar tu inscripci\u00f3n en el seminario, escribe un email a: <strong>info@soinuamusicoterapia.co<\/strong>Indica tu <strong>nombre y apellido <\/strong>y cu\u00e9ntame el <strong>tipo de formaci\u00f3n<\/strong> que has realizado o est\u00e1s realizando como musicoterapeuta.<\/p>\n<p><!-- \/wp:post-content --><\/p>\n<div style=\"height: 15px;\" aria-hidden=\"true\" class=\"wp-block-spacer\"><\/div>\n<p><!-- \/wp:paragraph --><\/p>\n<p><!-- wp:paragraph {\"fontSize\":\"medium\"} --><\/p>\n<p class=\"has-medium-font-size\">Al recibirlo <strong>te enviar\u00e9 los datos de pago<\/strong> para que puedas formalizar tu inscripci\u00f3n.<\/p>\n<p class=\"has-medium-font-size\"><span style=\"font-size: 1.25em;\"><\/span><\/p>\n<p class=\"has-medium-font-size\"><span style=\"font-size: x-large;\">Antes del encuentro fijaremos un d\u00eda para una mini <strong>reuni\u00f3n online de 30 minutos<\/strong>. <\/span><\/p>\n<p class=\"has-medium-font-size\"><span style=\"font-size: x-large;\">El objetivo de la misma ser\u00e1 conocernos un\u00a0poco\u00a0mejor y que me cuentes cual es tu situaci\u00f3n actual laboral.<\/span><\/p>\n<p>&nbsp;<\/p>\n<p class=\"has-medium-font-size\">De este modo voy a poder acompa\u00f1arte mejor y ofrecerte de forma m\u00e1s personalizada lo que necesitas en este momento durante el taller del d\u00eda 6 de noviembre.<span style=\"font-size: x-large;\"><\/span><\/p>\n<p class=\"has-medium-font-size\">\u00a1Comienza la aventura!<span style=\"font-size: 1.25em;\"><\/span><\/p>\n<p><!-- \/wp:paragraph --><\/p>\n<p><!-- wp:spacer {\"height\":29} --><\/p>\n<p><!-- \/wp:spacer --><\/p>\n<p><!-- wp:paragraph {\"fontSize\":\"medium\"} --><\/p>\n<p class=\"has-medium-font-size\"><span class=\"has-inline-color has-vivid-red-color\">IMPORTANTE: <\/span>Ten en cuenta que <strong>las plazas son limitadas<\/strong> ya que va a ser un grupo de trabajo reducido (m\u00e1ximo 8 personas). Para la inscripci\u00f3n seguir\u00e9 escrupulosamente el orden de llegada de los email y pagos del curso.<\/p>\n<p><!-- \/wp:paragraph --><\/p>\n<p><!-- wp:paragraph --><\/p>\n<p><!-- \/wp:paragraph --><\/p>\n<p><!-- wp:paragraph --><\/p>\n<p><!-- \/wp:paragraph --><\/p>[\/et_pb_text][\/et_pb_column][\/et_pb_row][\/et_pb_section]","protected":false},"excerpt":{"rendered":"<p>\u00a1\u00a1ENHORABUENA POR INVERTIR EN T\u00cd!! Si has llegado aqu\u00ed es que quieres INSPIRACI\u00d3N Y FRESCURA Para realizar tu inscripci\u00f3n en el seminario, escribe un email a: info@soinuamusicoterapia.coIndica tu nombre y apellido y cu\u00e9ntame el tipo de formaci\u00f3n que has realizado o est\u00e1s realizando como musicoterapeuta. Al recibirlo te enviar\u00e9 los datos de pago para que [&hellip;]<\/p>\n","protected":false},"author":1,"featured_media":0,"parent":0,"menu_order":0,"comment_status":"closed","ping_status":"closed","template":"","meta":{"_et_pb_use_builder":"on","_et_pb_old_content":"<!-- wp:paragraph {\"fontSize\":\"medium\"} -->\n<p class=\"has-medium-font-size\"><strong>Si has llegado aqu\u00ed es que quieres INSPIRACI\u00d3N Y FRESCURA.<\/strong><\/p>\n<!-- \/wp:paragraph -->\n\n<!-- wp:spacer {\"height\":15} -->\n<div style=\"height:15px\" aria-hidden=\"true\" class=\"wp-block-spacer\"><\/div>\n<!-- \/wp:spacer -->\n\n<!-- wp:paragraph {\"fontSize\":\"medium\"} -->\n<p class=\"has-medium-font-size\">Para realizar tu inscripci\u00f3n en el seminario, escribe un email a: <strong>info@musicoterapiaesencial.com<\/strong><\/p>\n<!-- \/wp:paragraph -->\n\n<!-- wp:paragraph {\"fontSize\":\"medium\"} -->\n<p class=\"has-medium-font-size\">Indica tu <strong>nombre y apellido <\/strong>y cu\u00e9ntame el <strong>tipo de formaci\u00f3n<\/strong> que has realizado o est\u00e1s realizando como musicoterapeuta. <\/p>\n<!-- \/wp:paragraph -->\n\n<!-- wp:paragraph {\"fontSize\":\"medium\"} -->\n<p class=\"has-medium-font-size\">Al recibirlo <strong>te enviar\u00e9 los datos de pago<\/strong> para que puedas formalizar tu inscripci\u00f3n.<\/p>\n<!-- \/wp:paragraph -->\n\n<!-- wp:spacer {\"height\":29} -->\n<div style=\"height:29px\" aria-hidden=\"true\" class=\"wp-block-spacer\"><\/div>\n<!-- \/wp:spacer -->\n\n<!-- wp:paragraph {\"fontSize\":\"medium\"} -->\n<p class=\"has-medium-font-size\"><span class=\"has-inline-color has-vivid-red-color\">IMPORTANTE: <\/span>Ten en cuenta que <strong>las plazas son limitadas<\/strong> ya que va a ser un grupo de trabajo reducido (m\u00e1ximo 10 personas). Para la inscripci\u00f3n seguir\u00e9 escrupulosamente el orden de llegada de los email y pagos del curso. <\/p>\n<!-- \/wp:paragraph -->\n\n<!-- wp:paragraph -->\n<p><\/p>\n<!-- \/wp:paragraph -->\n\n<!-- wp:paragraph -->\n<p><\/p>\n<!-- \/wp:paragraph -->","_et_gb_content_width":"","footnotes":""},"class_list":["post-264","page","type-page","status-publish","hentry"],"_links":{"self":[{"href":"https:\/\/musicoterapiaesencial.com\/index.php\/wp-json\/wp\/v2\/pages\/264","targetHints":{"allow":["GET"]}}],"collection":[{"href":"https:\/\/musicoterapiaesencial.com\/index.php\/wp-json\/wp\/v2\/pages"}],"about":[{"href":"https:\/\/musicoterapiaesencial.com\/index.php\/wp-json\/wp\/v2\/types\/page"}],"author":[{"embeddable":true,"href":"https:\/\/musicoterapiaesencial.com\/index.php\/wp-json\/wp\/v2\/users\/1"}],"replies":[{"embeddable":true,"href":"https:\/\/musicoterapiaesencial.com\/index.php\/wp-json\/wp\/v2\/comments?post=264"}],"version-history":[{"count":15,"href":"https:\/\/musicoterapiaesencial.com\/index.php\/wp-json\/wp\/v2\/pages\/264\/revisions"}],"predecessor-version":[{"id":987,"href":"https:\/\/musicoterapiaesencial.com\/index.php\/wp-json\/wp\/v2\/pages\/264\/revisions\/987"}],"wp:attachment":[{"href":"https:\/\/musicoterapiaesencial.com\/index.php\/wp-json\/wp\/v2\/media?parent=264"}],"curies":[{"name":"wp","href":"https:\/\/api.w.org\/{rel}","templated":true}]}}