{"id":1018,"date":"2022-04-16T10:03:00","date_gmt":"2022-04-16T10:03:00","guid":{"rendered":"https:\/\/musicoterapiaesencial.com\/?page_id=1018"},"modified":"2022-04-12T10:04:01","modified_gmt":"2022-04-12T10:04:01","slug":"personas-que-dejan-huella","status":"publish","type":"page","link":"https:\/\/musicoterapiaesencial.com\/index.php\/personas-que-dejan-huella\/","title":{"rendered":"Personas que dejan huella"},"content":{"rendered":"\n<p>Jam\u00e1s olvidar\u00e9 ese ni\u00f1o al que llamar\u00e9 Sua (nombre ficticio). <\/p>\n\n\n\n<p>Jam\u00e1s olvidar\u00e9 ese primer proceso de 21 sesiones donde los instrumentos, los sonidos, los silencios&#8230;, contaban todo lo que por dentro suced\u00eda, contaban todo lo que esos ojos hab\u00edan visto y ya jam\u00e1s volver\u00edan ver&#8230; <\/p>\n\n\n\n<p><strong>\u00a1Contaban tantas cosas!<\/strong><\/p>\n\n\n\n<p>Hay personas y procesos que dejan huella. <\/p>\n\n\n\n<p><\/p>\n\n\n\n<p>Hay personas y procesos que son muy dif\u00edciles olvidar, hasta tal punto, que tal vez nunca se olviden.<\/p>\n\n\n\n<p><br>&#8230;Sua era y es un ni\u00f1o curioso, con car\u00e1cter, espont\u00e1neo, creativo y luchador. <\/p>\n\n\n\n<p>Sua era un ni\u00f1o que necesitaba apoyo y acompa\u00f1amiento a diferentes niveles, ya que, tras vivir una situaci\u00f3n m\u00e9dica complicada perdi\u00f3 completamente la visi\u00f3n. <\/p>\n\n\n\n<p>Yo por aquel entonces, hace ya m\u00e1s de 10 a\u00f1os, era maestra de m\u00fasica y estudiante de musicoterapia que se encontraba realizando sus pr\u00e1cticas cl\u00ednicas finales. <\/p>\n\n\n\n<p><\/p>\n\n\n\n<p><strong>Sua era mi paciente de musicoterapia.<\/strong><\/p>\n\n\n\n<p><br>Nuestras sesiones estaban llenas de ilusi\u00f3n, de sonidos, de m\u00fasica, de juego&#8230; y \u00e9stas sesiones, fueron evolucionando por <strong>las relaciones<\/strong> que se daban entre Sua,\u00a0la m\u00fasica y yo.<\/p>\n\n\n\n<p><br>El m\u00e9todo principal de intervenci\u00f3n en este proceso fue la <strong>improvisaci\u00f3n cl\u00ednica musical. <\/strong><\/p>\n\n\n\n<p><\/p>\n\n\n\n<p>A trav\u00e9s del uso de diferentes t\u00e9cnicas de improvisaci\u00f3n Sua, poco a poco, fue capaz de expresar de forma espont\u00e1nea sus miedos en las improvisaciones, canciones e historias musicales que realizaba en las sesiones. <\/p>\n\n\n\n<p><\/p>\n\n\n\n<p>EL MIEDO<\/p>\n\n\n\n<p><\/p>\n\n\n\n<p>Miedo al lobo,<\/p>\n\n\n\n<p>Miedo a la oscuridad, <\/p>\n\n\n\n<p>Miedo al fuego, <\/p>\n\n\n\n<p>Miedo a las pruebas m\u00e9dicas, <\/p>\n\n\n\n<p>Miedo al dolor&#8230;<\/p>\n\n\n\n<p><\/p>\n\n\n\n<p><strong>MIEDO<\/strong><\/p>\n\n\n\n<p><br>Las improvisaciones, las canciones, las historias&#8230; le permitieron sacar toda su rabia, todo su enfado, <strong>le permitieron expresar<\/strong> simb\u00f3licamente <strong>la destrucci\u00f3n <\/strong>del mundo que hasta entonces conoc\u00eda e incluso <strong>el proceso traum\u00e1tico<\/strong> que hab\u00eda vivido a nivel m\u00e9dico durante el \u00faltimo a\u00f1o.<\/p>\n\n\n\n<p>Al expresarlo de este modo y con este lenguaje, pudo comenzar a <strong>integrar y transformar<\/strong> todo lo que hab\u00eda vivenciado, demostrando una gran capacidad de resiliencia.\u00a0<\/p>\n\n\n\n<p><br><strong>\u00a1Wow todav\u00eda se me acelera el coraz\u00f3n al recordar algunos momentos!<\/strong> <\/p>\n\n\n\n<p><\/p>\n\n\n\n<p>Momentos que tuve la suerte de acompa\u00f1ar, momentos compartidos que est\u00e1n en nuestro recuerdo y que tuvieron tanta fuerza, tanta intensidad, tanta verdad, tanta emoci\u00f3n&#8230;\u00a0<\/p>\n\n\n\n<p><br>\u00a1Qu\u00e9 valiente fuiste Sua, qu\u00e9 fortaleza la tuya, cu\u00e1ntos aprendizajes a tu lado!<\/p>\n\n\n\n<p><br>S\u00e9 que contin\u00faas tu camino, tu aprendizaje, tu vida&#8230;<\/p>\n\n\n\n<p>\u00a0<br>S\u00e9 feliz Sua, lucha por eso, a mi me has dejado huella \ud83d\udc3e<\/p>\n\n\n\n<p><\/p>\n","protected":false},"excerpt":{"rendered":"<p>Jam\u00e1s olvidar\u00e9 ese ni\u00f1o al que llamar\u00e9 Sua (nombre ficticio). Jam\u00e1s olvidar\u00e9 ese primer proceso de 21 sesiones donde los instrumentos, los sonidos, los silencios&#8230;, contaban todo lo que por dentro suced\u00eda, contaban todo lo que esos ojos hab\u00edan visto y ya jam\u00e1s volver\u00edan ver&#8230; \u00a1Contaban tantas cosas! Hay personas y procesos que dejan huella. [&hellip;]<\/p>\n","protected":false},"author":1,"featured_media":1020,"parent":0,"menu_order":0,"comment_status":"closed","ping_status":"closed","template":"","meta":{"_et_pb_use_builder":"off","_et_pb_old_content":"","_et_gb_content_width":"2880","footnotes":""},"class_list":["post-1018","page","type-page","status-publish","has-post-thumbnail","hentry"],"_links":{"self":[{"href":"https:\/\/musicoterapiaesencial.com\/index.php\/wp-json\/wp\/v2\/pages\/1018","targetHints":{"allow":["GET"]}}],"collection":[{"href":"https:\/\/musicoterapiaesencial.com\/index.php\/wp-json\/wp\/v2\/pages"}],"about":[{"href":"https:\/\/musicoterapiaesencial.com\/index.php\/wp-json\/wp\/v2\/types\/page"}],"author":[{"embeddable":true,"href":"https:\/\/musicoterapiaesencial.com\/index.php\/wp-json\/wp\/v2\/users\/1"}],"replies":[{"embeddable":true,"href":"https:\/\/musicoterapiaesencial.com\/index.php\/wp-json\/wp\/v2\/comments?post=1018"}],"version-history":[{"count":2,"href":"https:\/\/musicoterapiaesencial.com\/index.php\/wp-json\/wp\/v2\/pages\/1018\/revisions"}],"predecessor-version":[{"id":1022,"href":"https:\/\/musicoterapiaesencial.com\/index.php\/wp-json\/wp\/v2\/pages\/1018\/revisions\/1022"}],"wp:featuredmedia":[{"embeddable":true,"href":"https:\/\/musicoterapiaesencial.com\/index.php\/wp-json\/wp\/v2\/media\/1020"}],"wp:attachment":[{"href":"https:\/\/musicoterapiaesencial.com\/index.php\/wp-json\/wp\/v2\/media?parent=1018"}],"curies":[{"name":"wp","href":"https:\/\/api.w.org\/{rel}","templated":true}]}}